{"id":888,"date":"2023-07-31T22:04:06","date_gmt":"2023-07-31T20:04:06","guid":{"rendered":"https:\/\/pascal-lucke.de\/?page_id=888"},"modified":"2023-07-31T22:18:23","modified_gmt":"2023-07-31T20:18:23","slug":"sommerkonzert-2023","status":"publish","type":"page","link":"https:\/\/pascal-lucke.de\/?page_id=888","title":{"rendered":"Sommerkonzert 2023"},"content":{"rendered":"\n<figure class=\"wp-block-image alignright size-medium is-resized\"><img decoding=\"async\" src=\"https:\/\/pascal-lucke.de\/wp-content\/uploads\/2023\/03\/Logo-DB-Chor-300x300.jpeg\" alt=\"\" class=\"wp-image-840\" width=\"200\"\/><\/figure>\n\n\n\n<p class=\"wp-block-paragraph\"><strong>Datum:<\/strong> 10. September 2023<br><strong>Uhrzeit:<\/strong> 16 Uhr<br><strong>Ort:<\/strong> Aula im Schulzentrum, Gymnasium Am Turmhof (Nyonsplatz, 53894 Mechernich) <br><strong>Ausf\u00fchrende:<\/strong> Dietrich-Bonhoeffer Chor und Ensemble <br><strong>Leitung:<\/strong> Pascal Lucke<br><strong>Eintritt:<\/strong> Frei, um eine Spende wird herzlich gebeten<\/p>\n\n\n\n<p class=\"wp-block-paragraph\"> <\/p>\n\n\n\n<p class=\"wp-block-paragraph\">Am <strong>10. September<\/strong> um <strong>16 Uhr<\/strong> entf\u00fchrt der Dietrich-Bonhoeffer-Chor mit Ensemble unter der Leitung von Pascal Lucke ein weiteres Mal in die Welt der Filmmusik und Musicals. <\/p>\n\n\n\n<p class=\"wp-block-paragraph\">Als Highlight\u00a0pr\u00e4sentieren die\u00a0choreigenen Solisten\u00a0rund um Pascal Lucke\u00a0Broadway-Klassiker\u00a0und nostalgische Melodien, die ein\u00a0jedes Ohr verzaubern werden!\u00a0Dabei werden\u00a0Sie in die verzauberte Welt\u00a0von\u00a0\u201eWICKED\u201c\u00a0entf\u00fchrt und\u00a0erleben\u00a0in Journey\u2019s\u00a0\u201eDon\u2019t\u00a0Stop Believin\u2018\u201c\u00a0die Geschichte\u00a0der Hoffnung und das Streben nach\u00a0Tr\u00e4umen.\u00a0<\/p>\n\n\n\n<p class=\"wp-block-paragraph\">Pr\u00e4sentiert vom Chor werden zudem Werke von John Rutter, Michael Jackson, Ola Gjeilo, Enya und vielen mehr. Ein Erlebnis, welches Sie sich nicht entgehen lassen sollten! Der Eintritt ist frei, um Spenden wird herzlich gebeten.<\/p>\n\n\n\n<p class=\"wp-block-paragraph\">Foto: \u00a9 Dr. Michael St\u00f6hr<\/p>\n\n\n\n<div class=\"wp-block-file\"><a id=\"wp-block-file--media-5d402e44-3d53-41fe-b61b-164b12e4d7a5\" href=\"https:\/\/pascal-lucke.de\/wp-content\/uploads\/2023\/07\/DB-Chor-Sommerkonzert-2023-Plakat.pdf\" target=\"_blank\" rel=\"noreferrer noopener\">DB-Chor Sommerkonzert 2023 Plakat<\/a><\/div>\n","protected":false},"excerpt":{"rendered":"<p>Datum: 10. September 2023Uhrzeit: 16 UhrOrt: Aula im Schulzentrum, Gymnasium Am Turmhof (Nyonsplatz, 53894 Mechernich) Ausf\u00fchrende: Dietrich-Bonhoeffer Chor und Ensemble Leitung: Pascal LuckeEintritt: Frei, um eine Spende wird herzlich gebeten Am 10. September um 16 Uhr entf\u00fchrt der Dietrich-Bonhoeffer-Chor mit Ensemble unter der Leitung von Pascal Lucke ein weiteres Mal in die Welt der Filmmusik [&hellip;]<\/p>\n","protected":false},"author":2,"featured_media":890,"parent":0,"menu_order":0,"comment_status":"closed","ping_status":"closed","template":"","meta":{"_crdt_document":"","_uag_custom_page_level_css":"","advgb_blocks_editor_width":"","advgb_blocks_columns_visual_guide":"","site-sidebar-layout":"default","site-content-layout":"","ast-site-content-layout":"default","site-content-style":"default","site-sidebar-style":"default","ast-global-header-display":"","ast-banner-title-visibility":"","ast-main-header-display":"","ast-hfb-above-header-display":"","ast-hfb-below-header-display":"","ast-hfb-mobile-header-display":"","site-post-title":"","ast-breadcrumbs-content":"","ast-featured-img":"","footer-sml-layout":"","ast-disable-related-posts":"","theme-transparent-header-meta":"","adv-header-id-meta":"","stick-header-meta":"","header-above-stick-meta":"","header-main-stick-meta":"","header-below-stick-meta":"","astra-migrate-meta-layouts":"default","ast-page-background-enabled":"default","ast-page-background-meta":{"desktop":{"background-color":"","background-image":"","background-repeat":"repeat","background-position":"center center","background-size":"auto","background-attachment":"scroll","background-type":"","background-media":"","overlay-type":"","overlay-color":"","overlay-opacity":"","overlay-gradient":""},"tablet":{"background-color":"","background-image":"","background-repeat":"repeat","background-position":"center center","background-size":"auto","background-attachment":"scroll","background-type":"","background-media":"","overlay-type":"","overlay-color":"","overlay-opacity":"","overlay-gradient":""},"mobile":{"background-color":"","background-image":"","background-repeat":"repeat","background-position":"center center","background-size":"auto","background-attachment":"scroll","background-type":"","background-media":"","overlay-type":"","overlay-color":"","overlay-opacity":"","overlay-gradient":""}},"ast-content-background-meta":{"desktop":{"background-color":"var(--ast-global-color-5)","background-image":"","background-repeat":"repeat","background-position":"center center","background-size":"auto","background-attachment":"scroll","background-type":"","background-media":"","overlay-type":"","overlay-color":"","overlay-opacity":"","overlay-gradient":""},"tablet":{"background-color":"var(--ast-global-color-5)","background-image":"","background-repeat":"repeat","background-position":"center center","background-size":"auto","background-attachment":"scroll","background-type":"","background-media":"","overlay-type":"","overlay-color":"","overlay-opacity":"","overlay-gradient":""},"mobile":{"background-color":"var(--ast-global-color-5)","background-image":"","background-repeat":"repeat","background-position":"center center","background-size":"auto","background-attachment":"scroll","background-type":"","background-media":"","overlay-type":"","overlay-color":"","overlay-opacity":"","overlay-gradient":""}},"ngg_post_thumbnail":0,"footnotes":""},"class_list":["post-888","page","type-page","status-publish","has-post-thumbnail","hentry"],"featured_image_src":"https:\/\/pascal-lucke.de\/wp-content\/uploads\/2023\/07\/28069607-91b9-4c98-a2c0-174f52b12c4a-600x400.jpg","featured_image_src_square":"https:\/\/pascal-lucke.de\/wp-content\/uploads\/2023\/07\/28069607-91b9-4c98-a2c0-174f52b12c4a-600x600.jpg","uagb_featured_image_src":{"full":["https:\/\/pascal-lucke.de\/wp-content\/uploads\/2023\/07\/28069607-91b9-4c98-a2c0-174f52b12c4a.jpg",1600,948,false],"thumbnail":["https:\/\/pascal-lucke.de\/wp-content\/uploads\/2023\/07\/28069607-91b9-4c98-a2c0-174f52b12c4a-150x150.jpg",150,150,true],"medium":["https:\/\/pascal-lucke.de\/wp-content\/uploads\/2023\/07\/28069607-91b9-4c98-a2c0-174f52b12c4a-300x178.jpg",300,178,true],"medium_large":["https:\/\/pascal-lucke.de\/wp-content\/uploads\/2023\/07\/28069607-91b9-4c98-a2c0-174f52b12c4a-768x455.jpg",768,455,true],"large":["https:\/\/pascal-lucke.de\/wp-content\/uploads\/2023\/07\/28069607-91b9-4c98-a2c0-174f52b12c4a.jpg",1600,948,false],"1536x1536":["https:\/\/pascal-lucke.de\/wp-content\/uploads\/2023\/07\/28069607-91b9-4c98-a2c0-174f52b12c4a-1536x910.jpg",1536,910,true],"2048x2048":["https:\/\/pascal-lucke.de\/wp-content\/uploads\/2023\/07\/28069607-91b9-4c98-a2c0-174f52b12c4a.jpg",1600,948,false],"ab-block-post-grid-landscape":["https:\/\/pascal-lucke.de\/wp-content\/uploads\/2023\/07\/28069607-91b9-4c98-a2c0-174f52b12c4a-600x400.jpg",600,400,true],"ab-block-post-grid-square":["https:\/\/pascal-lucke.de\/wp-content\/uploads\/2023\/07\/28069607-91b9-4c98-a2c0-174f52b12c4a-600x600.jpg",600,600,true]},"uagb_author_info":{"display_name":"PL","author_link":"https:\/\/pascal-lucke.de\/?author=2"},"uagb_comment_info":0,"uagb_excerpt":"Datum: 10. September 2023Uhrzeit: 16 UhrOrt: Aula im Schulzentrum, Gymnasium Am Turmhof (Nyonsplatz, 53894 Mechernich) Ausf\u00fchrende: Dietrich-Bonhoeffer Chor und Ensemble Leitung: Pascal LuckeEintritt: Frei, um eine Spende wird herzlich gebeten Am 10. September um 16 Uhr entf\u00fchrt der Dietrich-Bonhoeffer-Chor mit Ensemble unter der Leitung von Pascal Lucke ein weiteres Mal in die Welt der Filmmusik&hellip;","coauthors":[],"author_meta":{"author_link":"https:\/\/pascal-lucke.de\/?author=2","display_name":"PL"},"relative_dates":{"created":"Ver\u00f6ffentlicht 3\u00a0Jahren vor","modified":"Aktualisiert 3\u00a0Jahren vor"},"absolute_dates":{"created":"Ver\u00f6ffentlicht am Juli 31, 2023","modified":"Aktualisiert am Juli 31, 2023"},"absolute_dates_time":{"created":"Ver\u00f6ffentlicht am Juli 31, 2023 10:04 p.m.","modified":"Aktualisiert am Juli 31, 2023 10:18 p.m."},"featured_img_caption":"\u00d6sterliches Fr\u00fchjahrskonzert 2023","featured_img":"https:\/\/pascal-lucke.de\/wp-content\/uploads\/2023\/07\/28069607-91b9-4c98-a2c0-174f52b12c4a.jpg","series_order":"","_links":{"self":[{"href":"https:\/\/pascal-lucke.de\/index.php?rest_route=\/wp\/v2\/pages\/888","targetHints":{"allow":["GET"]}}],"collection":[{"href":"https:\/\/pascal-lucke.de\/index.php?rest_route=\/wp\/v2\/pages"}],"about":[{"href":"https:\/\/pascal-lucke.de\/index.php?rest_route=\/wp\/v2\/types\/page"}],"author":[{"embeddable":true,"href":"https:\/\/pascal-lucke.de\/index.php?rest_route=\/wp\/v2\/users\/2"}],"replies":[{"embeddable":true,"href":"https:\/\/pascal-lucke.de\/index.php?rest_route=%2Fwp%2Fv2%2Fcomments&post=888"}],"version-history":[{"count":5,"href":"https:\/\/pascal-lucke.de\/index.php?rest_route=\/wp\/v2\/pages\/888\/revisions"}],"predecessor-version":[{"id":905,"href":"https:\/\/pascal-lucke.de\/index.php?rest_route=\/wp\/v2\/pages\/888\/revisions\/905"}],"wp:featuredmedia":[{"embeddable":true,"href":"https:\/\/pascal-lucke.de\/index.php?rest_route=\/wp\/v2\/media\/890"}],"wp:attachment":[{"href":"https:\/\/pascal-lucke.de\/index.php?rest_route=%2Fwp%2Fv2%2Fmedia&parent=888"}],"curies":[{"name":"wp","href":"https:\/\/api.w.org\/{rel}","templated":true}]}}