{"id":1486,"date":"2026-08-30T21:58:18","date_gmt":"2026-08-30T19:58:18","guid":{"rendered":"https:\/\/pascal-lucke.de\/?page_id=1486"},"modified":"2026-08-30T22:10:30","modified_gmt":"2026-08-30T20:10:30","slug":"oper-im-kloster-steinfeld","status":"publish","type":"page","link":"https:\/\/pascal-lucke.de\/?page_id=1486","title":{"rendered":"Oper im Kloster Steinfeld"},"content":{"rendered":"\n<figure class=\"wp-block-image aligncenter size-full is-resized\"><img loading=\"lazy\" decoding=\"async\" width=\"2560\" height=\"1067\" src=\"https:\/\/pascal-lucke.de\/wp-content\/uploads\/2026\/04\/Wortmarke-2026-scaled.png\" alt=\"\" class=\"wp-image-1427\" style=\"width:362px;height:auto\" srcset=\"https:\/\/pascal-lucke.de\/wp-content\/uploads\/2026\/04\/Wortmarke-2026-scaled.png 2560w, https:\/\/pascal-lucke.de\/wp-content\/uploads\/2026\/04\/Wortmarke-2026-300x125.png 300w, https:\/\/pascal-lucke.de\/wp-content\/uploads\/2026\/04\/Wortmarke-2026-768x320.png 768w, https:\/\/pascal-lucke.de\/wp-content\/uploads\/2026\/04\/Wortmarke-2026-1536x640.png 1536w, https:\/\/pascal-lucke.de\/wp-content\/uploads\/2026\/04\/Wortmarke-2026-2048x854.png 2048w\" sizes=\"auto, (max-width: 2560px) 100vw, 2560px\" \/><\/figure>\n\n\n\n<p class=\"wp-block-paragraph\"><strong>Datum:<\/strong>&nbsp;27. September 2026<br><strong>Uhrzeit:<\/strong>&nbsp;17:00 Uhr, Einlass ab 16:30 Uhr<br><strong>Ort:<\/strong>&nbsp;Ehemalige Sch\u00fclerkapelle (Hermann-Josef-Str. 4, 53925 Kall-Steinfeld)<br><strong>Ausf\u00fchrende:<\/strong>&nbsp;Studierende der HfMT K\u00f6ln, Leitung: Prof. Herbert G\u00f6rtz<br><strong>Eintritt:<\/strong>&nbsp;15.-\u20ac Erwachsene, 10.-\u20ac erm\u00e4\u00dfigt (Sch\u00fcler\/Studenten)<\/p>\n\n\n\n<p class=\"wp-block-paragraph\">Am&nbsp;<strong>Sonntag, 27. September 2026, um 17 Uhr<\/strong>&nbsp;wird die ehemalige Klosterbibliothek zur Opernb\u00fchne: Im Rahmen der Konzertreihe&nbsp;<strong>KlangRaum<\/strong>&nbsp;der Stiftung Kloster Steinfeld pr\u00e4sentieren Gesangsstudierende der&nbsp;<strong>Hochschule f\u00fcr Musik und Tanz K\u00f6ln<\/strong>&nbsp;Szenen und Arien von Wolfgang Amadeus Mozart.&nbsp;<\/p>\n\n\n\n<p class=\"wp-block-paragraph\">Im Mittelpunkt steht Mozarts letzte Oper&nbsp;<strong>\u201eDie Zauberfl\u00f6te\u201c<\/strong>. Zu h\u00f6ren sind Ausschnitte aus der aktuellen Werkstattproduktion der Hochschule, die im Dezember in K\u00f6ln zur Auff\u00fchrung kommen wird. Das Publikum in Steinfeld erh\u00e4lt damit bereits einige Monate zuvor einen unmittelbaren Einblick in die musikalische Arbeit an einem der bekanntesten und beliebtesten Werke der Opernliteratur. Mozarts \u201eZauberfl\u00f6te\u201c verbindet auf einzigartige Weise M\u00e4rchen, Kom\u00f6die und gro\u00dfe Oper. Ber\u00fchmte Arien, eindrucksvolle Ensembles und ganz unterschiedliche musikalische Charaktere machen das Werk zu einer besonderen Herausforderung f\u00fcr junge S\u00e4ngerinnen und S\u00e4nger \u2013 und zugleich zu einem idealen Stoff f\u00fcr die szenische und musikalische Arbeit w\u00e4hrend des Gesangsstudiums.<\/p>\n\n\n\n<p class=\"wp-block-paragraph\"><strong>Prof. Herbert G\u00f6rtz<\/strong>&nbsp;begleitet die jungen S\u00e4ngerinnen und S\u00e4nger vom Klavier aus und f\u00fchrt zugleich moderierend durch das Programm.&nbsp;So entsteht kein gew\u00f6hnlicher Opernabend, sondern eine Begegnung mit Oper aus n\u00e4chster N\u00e4he: Das Publikum erlebt junge Stimmen, ausgew\u00e4hlte Szenen und Arien und erh\u00e4lt zugleich Einblicke in das Werk und seine musikalische Gestaltung.<\/p>\n\n\n\n<figure class=\"wp-block-image aligncenter size-full is-resized\"><img loading=\"lazy\" decoding=\"async\" width=\"1022\" height=\"1446\" src=\"https:\/\/pascal-lucke.de\/wp-content\/uploads\/2026\/08\/Bildschirmfoto-2026-08-30-um-21.55.57.png\" alt=\"\" class=\"wp-image-1484\" style=\"aspect-ratio:0.7067811913967541;width:378px;height:auto\" srcset=\"https:\/\/pascal-lucke.de\/wp-content\/uploads\/2026\/08\/Bildschirmfoto-2026-08-30-um-21.55.57.png 1022w, https:\/\/pascal-lucke.de\/wp-content\/uploads\/2026\/08\/Bildschirmfoto-2026-08-30-um-21.55.57-212x300.png 212w, https:\/\/pascal-lucke.de\/wp-content\/uploads\/2026\/08\/Bildschirmfoto-2026-08-30-um-21.55.57-768x1087.png 768w\" sizes=\"auto, (max-width: 1022px) 100vw, 1022px\" \/><\/figure>\n\n\n\n<p class=\"wp-block-paragraph\">Die besondere Atmosph\u00e4re der ehemaligen Klosterbibliothek bietet daf\u00fcr einen ebenso intimen wie au\u00dfergew\u00f6hnlichen Rahmen. Der Abend verbindet Nachwuchsf\u00f6rderung, musikalische Entdeckungen und die zeitlose Faszination Mozarts \u2013 und gibt zugleich einen Vorgeschmack auf die vollst\u00e4ndige Werkstattproduktion, die im Dezember in K\u00f6ln zu erleben sein wird.<\/p>\n\n\n\n<p class=\"wp-block-paragraph\">Das Konzert findet in der ehemaligen Klosterbibliothek im Kloster Steinfeld statt.&nbsp;<br>Tickets k\u00f6nnen&nbsp;<a href=\"https:\/\/www.eventim-light.com\/de\/a\/646ef4cb1d137b7f9def8b87\">online<\/a>, telefonisch unter 02441 \u2013 889134 oder im Klostercaf\u00e9 erworben werden.<\/p>\n\n\n\n<div class=\"wp-block-atomic-blocks-ab-button ab-block-button\"><a href=\"https:\/\/www.eventim-light.com\/de\/a\/646ef4cb1d137b7f9def8b87\" target=\"_blank\" rel=\"noopener noreferrer\" class=\"ab-button ab-button-shape-rounded ab-button-size-medium\" style=\"color:#ffffff;background-color:#3373dc\">Tickets<\/a><\/div>\n\n\n\n<p class=\"wp-block-paragraph\">M\u00f6chten Sie die Stiftung Kloster Steinfeld und die Kultur im Kloster Steinfeld unterst\u00fctzen? So finden Sie&nbsp;<a href=\"https:\/\/www.stiftung-kloster-steinfeld.de\/spenden-und-helfen\/\">hier<\/a> unsere Ziele.&nbsp;<\/p>\n","protected":false},"excerpt":{"rendered":"<p>Datum:&nbsp;27. September 2026Uhrzeit:&nbsp;17:00 Uhr, Einlass ab 16:30 UhrOrt:&nbsp;Ehemalige Sch\u00fclerkapelle (Hermann-Josef-Str. 4, 53925 Kall-Steinfeld)Ausf\u00fchrende:&nbsp;Studierende der HfMT K\u00f6ln, Leitung: Prof. Herbert G\u00f6rtzEintritt:&nbsp;15.-\u20ac Erwachsene, 10.-\u20ac erm\u00e4\u00dfigt (Sch\u00fcler\/Studenten) Am&nbsp;Sonntag, 27. September 2026, um 17 Uhr&nbsp;wird die ehemalige Klosterbibliothek zur Opernb\u00fchne: Im Rahmen der Konzertreihe&nbsp;KlangRaum&nbsp;der Stiftung Kloster Steinfeld pr\u00e4sentieren Gesangsstudierende der&nbsp;Hochschule f\u00fcr Musik und Tanz K\u00f6ln&nbsp;Szenen und Arien von Wolfgang [&hellip;]<\/p>\n","protected":false},"author":2,"featured_media":1484,"parent":0,"menu_order":0,"comment_status":"closed","ping_status":"closed","template":"","meta":{"_uag_custom_page_level_css":"","advgb_blocks_editor_width":"","advgb_blocks_columns_visual_guide":"","site-sidebar-layout":"default","site-content-layout":"","ast-site-content-layout":"default","site-content-style":"default","site-sidebar-style":"default","ast-global-header-display":"","ast-banner-title-visibility":"","ast-main-header-display":"","ast-hfb-above-header-display":"","ast-hfb-below-header-display":"","ast-hfb-mobile-header-display":"","site-post-title":"","ast-breadcrumbs-content":"","ast-featured-img":"","footer-sml-layout":"","ast-disable-related-posts":"","theme-transparent-header-meta":"","adv-header-id-meta":"","stick-header-meta":"","header-above-stick-meta":"","header-main-stick-meta":"","header-below-stick-meta":"","astra-migrate-meta-layouts":"set","ast-page-background-enabled":"default","ast-page-background-meta":{"desktop":{"background-color":"","background-image":"","background-repeat":"repeat","background-position":"center center","background-size":"auto","background-attachment":"scroll","background-type":"","background-media":"","overlay-type":"","overlay-color":"","overlay-opacity":"","overlay-gradient":""},"tablet":{"background-color":"","background-image":"","background-repeat":"repeat","background-position":"center center","background-size":"auto","background-attachment":"scroll","background-type":"","background-media":"","overlay-type":"","overlay-color":"","overlay-opacity":"","overlay-gradient":""},"mobile":{"background-color":"","background-image":"","background-repeat":"repeat","background-position":"center center","background-size":"auto","background-attachment":"scroll","background-type":"","background-media":"","overlay-type":"","overlay-color":"","overlay-opacity":"","overlay-gradient":""}},"ast-content-background-meta":{"desktop":{"background-color":"var(--ast-global-color-5)","background-image":"","background-repeat":"repeat","background-position":"center center","background-size":"auto","background-attachment":"scroll","background-type":"","background-media":"","overlay-type":"","overlay-color":"","overlay-opacity":"","overlay-gradient":""},"tablet":{"background-color":"var(--ast-global-color-5)","background-image":"","background-repeat":"repeat","background-position":"center center","background-size":"auto","background-attachment":"scroll","background-type":"","background-media":"","overlay-type":"","overlay-color":"","overlay-opacity":"","overlay-gradient":""},"mobile":{"background-color":"var(--ast-global-color-5)","background-image":"","background-repeat":"repeat","background-position":"center center","background-size":"auto","background-attachment":"scroll","background-type":"","background-media":"","overlay-type":"","overlay-color":"","overlay-opacity":"","overlay-gradient":""}},"ngg_post_thumbnail":0,"footnotes":""},"class_list":["post-1486","page","type-page","status-publish","has-post-thumbnail","hentry"],"featured_image_src":"https:\/\/pascal-lucke.de\/wp-content\/uploads\/2026\/08\/Bildschirmfoto-2026-08-30-um-21.55.57-600x400.png","featured_image_src_square":"https:\/\/pascal-lucke.de\/wp-content\/uploads\/2026\/08\/Bildschirmfoto-2026-08-30-um-21.55.57-600x600.png","uagb_featured_image_src":{"full":["https:\/\/pascal-lucke.de\/wp-content\/uploads\/2026\/08\/Bildschirmfoto-2026-08-30-um-21.55.57.png",1022,1446,false],"thumbnail":["https:\/\/pascal-lucke.de\/wp-content\/uploads\/2026\/08\/Bildschirmfoto-2026-08-30-um-21.55.57-150x150.png",150,150,true],"medium":["https:\/\/pascal-lucke.de\/wp-content\/uploads\/2026\/08\/Bildschirmfoto-2026-08-30-um-21.55.57-212x300.png",212,300,true],"medium_large":["https:\/\/pascal-lucke.de\/wp-content\/uploads\/2026\/08\/Bildschirmfoto-2026-08-30-um-21.55.57-768x1087.png",768,1087,true],"large":["https:\/\/pascal-lucke.de\/wp-content\/uploads\/2026\/08\/Bildschirmfoto-2026-08-30-um-21.55.57.png",1022,1446,false],"1536x1536":["https:\/\/pascal-lucke.de\/wp-content\/uploads\/2026\/08\/Bildschirmfoto-2026-08-30-um-21.55.57.png",1022,1446,false],"2048x2048":["https:\/\/pascal-lucke.de\/wp-content\/uploads\/2026\/08\/Bildschirmfoto-2026-08-30-um-21.55.57.png",1022,1446,false],"ab-block-post-grid-landscape":["https:\/\/pascal-lucke.de\/wp-content\/uploads\/2026\/08\/Bildschirmfoto-2026-08-30-um-21.55.57-600x400.png",600,400,true],"ab-block-post-grid-square":["https:\/\/pascal-lucke.de\/wp-content\/uploads\/2026\/08\/Bildschirmfoto-2026-08-30-um-21.55.57-600x600.png",600,600,true]},"uagb_author_info":{"display_name":"PL","author_link":"https:\/\/pascal-lucke.de\/?author=2"},"uagb_comment_info":0,"uagb_excerpt":"Datum:&nbsp;27. September 2026Uhrzeit:&nbsp;17:00 Uhr, Einlass ab 16:30 UhrOrt:&nbsp;Ehemalige Sch\u00fclerkapelle (Hermann-Josef-Str. 4, 53925 Kall-Steinfeld)Ausf\u00fchrende:&nbsp;Studierende der HfMT K\u00f6ln, Leitung: Prof. Herbert G\u00f6rtzEintritt:&nbsp;15.-\u20ac Erwachsene, 10.-\u20ac erm\u00e4\u00dfigt (Sch\u00fcler\/Studenten) Am&nbsp;Sonntag, 27. September 2026, um 17 Uhr&nbsp;wird die ehemalige Klosterbibliothek zur Opernb\u00fchne: Im Rahmen der Konzertreihe&nbsp;KlangRaum&nbsp;der Stiftung Kloster Steinfeld pr\u00e4sentieren Gesangsstudierende der&nbsp;Hochschule f\u00fcr Musik und Tanz K\u00f6ln&nbsp;Szenen und Arien von Wolfgang&hellip;","coauthors":[],"author_meta":{"author_link":"https:\/\/pascal-lucke.de\/?author=2","display_name":"PL"},"relative_dates":{"created":"Ver\u00f6ffentlicht 7\u00a0Stunden vor","modified":"Aktualisiert 7\u00a0Stunden vor"},"absolute_dates":{"created":"Ver\u00f6ffentlicht am August 30, 2026","modified":"Aktualisiert am August 30, 2026"},"absolute_dates_time":{"created":"Ver\u00f6ffentlicht am August 30, 2026 9:58 p.m.","modified":"Aktualisiert am August 30, 2026 10:10 p.m."},"featured_img_caption":"","featured_img":"https:\/\/pascal-lucke.de\/wp-content\/uploads\/2026\/08\/Bildschirmfoto-2026-08-30-um-21.55.57.png","series_order":"","_links":{"self":[{"href":"https:\/\/pascal-lucke.de\/index.php?rest_route=\/wp\/v2\/pages\/1486","targetHints":{"allow":["GET"]}}],"collection":[{"href":"https:\/\/pascal-lucke.de\/index.php?rest_route=\/wp\/v2\/pages"}],"about":[{"href":"https:\/\/pascal-lucke.de\/index.php?rest_route=\/wp\/v2\/types\/page"}],"author":[{"embeddable":true,"href":"https:\/\/pascal-lucke.de\/index.php?rest_route=\/wp\/v2\/users\/2"}],"replies":[{"embeddable":true,"href":"https:\/\/pascal-lucke.de\/index.php?rest_route=%2Fwp%2Fv2%2Fcomments&post=1486"}],"version-history":[{"count":3,"href":"https:\/\/pascal-lucke.de\/index.php?rest_route=\/wp\/v2\/pages\/1486\/revisions"}],"predecessor-version":[{"id":1491,"href":"https:\/\/pascal-lucke.de\/index.php?rest_route=\/wp\/v2\/pages\/1486\/revisions\/1491"}],"wp:featuredmedia":[{"embeddable":true,"href":"https:\/\/pascal-lucke.de\/index.php?rest_route=\/wp\/v2\/media\/1484"}],"wp:attachment":[{"href":"https:\/\/pascal-lucke.de\/index.php?rest_route=%2Fwp%2Fv2%2Fmedia&parent=1486"}],"curies":[{"name":"wp","href":"https:\/\/api.w.org\/{rel}","templated":true}]}}